{"id":3,"date":"2023-11-25T17:35:22","date_gmt":"2023-11-25T17:35:22","guid":{"rendered":"http:\/\/localhost:10004\/?page_id=3"},"modified":"2024-02-05T22:06:13","modified_gmt":"2024-02-05T21:06:13","slug":"privacy-policy","status":"publish","type":"page","link":"https:\/\/www.atelierdupeyron.com\/fr\/privacy-policy\/","title":{"rendered":"Mentions l\u00e9gales"},"content":{"rendered":"\n<h2 class=\"wp-block-heading\">Qui sommes-nous<\/h2>\n\n\n\n<p>Ce site est la propri\u00e9t\u00e9 de l&rsquo;artiste Magdalena Larderet, permettant de pr\u00e9senter son travail en c\u00e9ramique, et de proposer certaines de ces pi\u00e8ces \u00e0 la vente.<br><\/p>\n\n\n\n<p>Atelier du Peyron<br>Num\u00e9ro de Siret : 98212126100019 &#8211; TVA non applicable, art. 293 B du CGI<br>Entreprise cr\u00e9\u00e9e et install\u00e9e au 1 rue Valentin, 05800 Saint-Firmin.<br><br>H\u00e9bergeur du site : O2switch<\/p>\n\n\n\n<h2 class=\"wp-block-heading\">Droits sur l&rsquo;\u0153uvre et propri\u00e9t\u00e9 intellectuelle<\/h2>\n\n\n\n<p>L\u2019artiste Magdalena Larderet reste propri\u00e9taire des droits d\u2019auteur. Les droits de repr\u00e9sentation et de reproduction des \u0153uvres pr\u00e9sentes sur le site <a href=\"https:\/\/www.atelierdupeyron.com\">https:\/\/www.atelierdupeyron.com<\/a> appartiennent \u00e0 son auteure. Il est n\u00e9cessaire d\u2019avoir son autorisation conjointe pour toute exploitation de ces droits.<\/p>\n\n\n\n<p>Tous les \u00e9l\u00e9ments apparaissant sur le site rel\u00e8vent de la l\u00e9gislation fran\u00e7aise et internationale sur le droit d\u2019auteur, le droit des marques et tout autre droit de la propri\u00e9t\u00e9 intellectuelle. Aucune reproduction et\/ou adaptation ne peuvent \u00eatre faites sans l\u2019autorisation de l&rsquo;artiste.<br>Seule une utilisation \u00e0 des fins strictement personnelle est autoris\u00e9e.<\/p>\n\n\n\n<h2 class=\"wp-block-heading\">Donn\u00e9es personnelles<\/h2>\n\n\n\n<p>Le site <a href=\"https:\/\/www.atelierdupeyron.com\">https:\/\/www.atelierdupeyron.com<\/a> est amen\u00e9 \u00e0 collecter des donn\u00e9es dans le cadre du formulaire de contact, ou de la boutique en ligne par les applications Woocommerce et Stripe. Il s\u2019agit des informations fournies volontairement par l&rsquo;internaute, dans l&rsquo;objectif d&rsquo;envoyer un message ou de passer une commande, \u00e0 savoir : nom, pr\u00e9nom, adresse postale, adresse e-mail, num\u00e9ro de t\u00e9l\u00e9phone, donn\u00e9es transactionnelles n\u00e9cessaires \u00e0 une commande. Ces donn\u00e9es sont utilis\u00e9e par Magdalena Larderet dans le but de traiter une commande et l&rsquo;artiste s&rsquo;engage \u00e0 ne jamais les communiquer \u00e0 des tiers.<br>Les coordonn\u00e9es bancaires renseign\u00e9es dans le formulaire de paiement en ligne Stripe sont s\u00e9curis\u00e9es. Ces donn\u00e9es sont \u00e9chang\u00e9es directement avec <a href=\"https:\/\/stripe.com\/fr\" target=\"_blank\" rel=\"noreferrer noopener\">Stripe<\/a> et le site <a href=\"https:\/\/www.atelierdupeyron.com\">https:\/\/www.atelierdupeyron.com<\/a> ne conserve pas ces informations et n&rsquo;y a pas non plus acc\u00e8s.<\/p>\n\n\n\n<p>Vous disposez d&rsquo;un droit d&rsquo;acc\u00e8s et de rectification \u00e0 vos donn\u00e9es personnelles. Pour exercer ce droit, envoyez un e-mail en ce sens \u00e0 nicolas@atelierdupeyron.com ou contactez-nous par le formulaire de contact du site.<\/p>\n\n\n\n<h2 class=\"wp-block-heading\">Conditions g\u00e9n\u00e9rales de vente<\/h2>\n\n\n\n<h3 class=\"wp-block-heading\">Devoirs du client<\/h3>\n\n\n\n<ul class=\"wp-block-list\">\n<li>La personne qui proc\u00e8de \u00e0 l\u2019achat en ligne sur le site&nbsp;<a href=\"https:\/\/www.atelierdupeyron.com\/\">https:\/\/www.atelierdupeyron.com<\/a>&nbsp;d\u00e9clare \u00eatre majeure au sens l\u00e9gal du pays dans lequel il r\u00e9side, et avoir la capacit\u00e9 juridique ou \u00eatre titulaire d\u2019une autorisation parentale lui permettant d\u2019effectuer une commande sur le Site.<\/li>\n\n\n\n<li>Lors de l\u2019enregistrement de ses donn\u00e9es personnelles pour passer commande, ce dernier doit s\u2019assurer de l\u2019exactitude des donn\u00e9es obligatoires qu\u2019il fournit. En cas d\u2019erreur dans les coordonn\u00e9es du destinataire, Magdalena Larderet ne saurait \u00eatre tenue responsable de l\u2019\u00e9ventuelle non livraison du produit.<\/li>\n<\/ul>\n\n\n\n<h3 class=\"wp-block-heading\">Produits<\/h3>\n\n\n\n<ul class=\"wp-block-list\">\n<li>Certains produits pr\u00e9sent\u00e9s sur le site ne sont disponible que par ce biais et en quantit\u00e9s limit\u00e9es. Les seuls retours accept\u00e9s sont dans le cadre du droit de r\u00e9tractation d\u00e9crit ci-dessous. Magdalena Larderet a tout mis en \u0153uvre pour pr\u00e9senter les photos et couleurs de chaque pi\u00e8ce de la fa\u00e7on la plus pr\u00e9cise possible, mais ne peut pas garantir que l\u2019affichage sur votre \u00e9cran refl\u00e9tera fid\u00e8lement les couleurs originales.<\/li>\n\n\n\n<li>Nous nous r\u00e9servons le droit de limiter les ventes \u00e0 certains pays et de limiter les quantit\u00e9s de toutes les pi\u00e8ces que nous proposons. Magdalena Larderet se r\u00e9serve le droit de changer la description des pi\u00e8ces en vente \u00e0 tout moment.<\/li>\n<\/ul>\n\n\n\n<h3 class=\"wp-block-heading\">Commentaires et feedback<\/h3>\n\n\n\n<ul class=\"wp-block-list\">\n<li>Si, \u00e0 notre demande, vous envoyez certaines soumissions sp\u00e9cifiques (par exemple des participations \u00e0 des concours) ou si, sans que nous vous l\u2019ayons demand\u00e9, vous envoyez des id\u00e9es cr\u00e9atives, des suggestions, des propositions, des plans ou d\u2019autres documents, que ce soit en ligne, par courrier \u00e9lectronique, par courrier postal ou autrement (ci-apr\u00e8s nomm\u00e9s, les \u00ab&nbsp;commentaires&nbsp;\u00bb), vous acceptez que nous puissions, \u00e0 tout moment et sans restriction, \u00e9diter, copier, publier, distribuer, traduire et utiliser de quelque mani\u00e8re que ce soit, sur n\u2019importe quel support, les commentaires que vous nous transmettez. Nous n\u2019avons et n\u2019aurons aucune obligation (1) de maintenir la confidentialit\u00e9 des commentaires, (2) de verser une compensation pour les commentaires, ou (3) de r\u00e9pondre aux commentaires.<\/li>\n\n\n\n<li>Nous surveillons, modifions ou supprimons le contenu que nous jugeons, \u00e0 notre seule discr\u00e9tion, ill\u00e9gal, offensant, mena\u00e7ant, diffamatoire, pornographique, obsc\u00e8ne ou autrement r\u00e9pr\u00e9hensible, ou qui viole la propri\u00e9t\u00e9 intellectuelle d\u2019une partie ou les pr\u00e9sentes conditions d\u2019utilisation.<\/li>\n\n\n\n<li>Vous acceptez que vos commentaires ne violent aucun droit d\u2019un tiers, y compris les droits d\u2019auteur, les marques, la vie priv\u00e9e, la personnalit\u00e9 ou tout autre droit personnel ou de propri\u00e9t\u00e9. Vous acceptez \u00e9galement que vos commentaires ne contiennent pas de mat\u00e9riel diffamatoire ou autrement ill\u00e9gal, abusif ou obsc\u00e8ne, ni de virus informatique ou autre logiciel malveillant susceptible d\u2019affecter de quelque mani\u00e8re que ce soit le fonctionnement du service ou de tout site web connexe.<\/li>\n\n\n\n<li>Vous ne pouvez pas utiliser une fausse adresse \u00e9lectronique, pr\u00e9tendre \u00eatre quelqu\u2019un d\u2019autre que vous-m\u00eame, ou nous induire en erreur ou induire des tiers en erreur quant \u00e0 l\u2019origine de vos commentaires. Vous \u00eates seul responsable des commentaires que vous faites et de leur exactitude. Nous n\u2019assumons aucune responsabilit\u00e9 pour les commentaires post\u00e9s par vous ou par des tiers.<\/li>\n<\/ul>\n\n\n\n<h3 class=\"wp-block-heading\">Prix<\/h3>\n\n\n\n<ul class=\"wp-block-list\">\n<li>Les prix sont indiqu\u00e9s en euros, toutes taxes comprises sans les frais de port. Les frais d\u2019envoi sont indiqu\u00e9s lorsque le client passe sa commande et avant qu\u2019il ne proc\u00e8de au r\u00e8glement. Le tarif des frais de port peut varier en fonction de de l\u2019objet command\u00e9.<\/li>\n\n\n\n<li>Magdalena Larderet peut revoir ses prix \u00e0 tout moment, les produits seront factur\u00e9s sur la base des tarifs en vigueur au moment de l\u2019enregistrement de la commande.<\/li>\n<\/ul>\n\n\n\n<h3 class=\"wp-block-heading\">Passer commande<\/h3>\n\n\n\n<ul class=\"wp-block-list\">\n<li>La validation de toute commande en ligne suppose l\u2019acceptation, par l\u2019internaute, de l\u2019int\u00e9gralit\u00e9 de ces conditions g\u00e9n\u00e9rales de vente, qui reconna\u00eet du m\u00eame fait en avoir pris pleinement connaissance. Cette acceptation consistera dans le fait, pour l\u2019internaute, de cocher la case correspondant \u00e0 la phrase suivante : \u00ab Je suis d\u2019accord avec les termes et conditions \u00bb lors de la proc\u00e9dure de commande. Cocher cette case est consid\u00e9r\u00e9 comme ayant la m\u00eame valeur qu\u2019une signature manuscrite de la part de l\u2019internaute.<\/li>\n\n\n\n<li>Magdalena Larderet peut se r\u00e9server le droit d\u2019annuler une commande. Si tel est le cas, le client sera rembours\u00e9 en totalit\u00e9.<\/li>\n<\/ul>\n\n\n\n<h3 class=\"wp-block-heading\"><br>Paiement<\/h3>\n\n\n\n<ul class=\"wp-block-list\">\n<li>Le r\u00e8glement de la commande pass\u00e9e sur&nbsp;<a href=\"https:\/\/www.atelierdupeyron.com\/\">https:\/\/www.atelierdupeyron.com<\/a>&nbsp;se fait par carte bancaire via Stripe, solution s\u00e9curis\u00e9e de paiement en ligne.<\/li>\n<\/ul>\n\n\n\n<h3 class=\"wp-block-heading\">Exp\u00e9dition et livraison<\/h3>\n\n\n\n<ul class=\"wp-block-list\">\n<li>Les exp\u00e9ditions se font apr\u00e8s r\u00e9ception du paiement uniquement.<\/li>\n\n\n\n<li>Les d\u00e9lais de livraison peuvent varier en fonction du temps de pr\u00e9paration n\u00e9cessaire \u00e0 l\u2019emballage des \u0153uvres ce qui peut prendre jusqu\u2019\u00e0 5 jours, mais Magdalena Larderet s\u2019engage \u00e0 pr\u00e9parer la commande aussi rapidement que possible. Il faut \u00e9galement y ajouter le temps n\u00e9cessaire au transporteur, qui sera pris en charge par La Poste, ou par Mondial Relay. En France les d\u00e9lais de livraison sont g\u00e9n\u00e9ralement de 3 \u00e0 5 jours ouvr\u00e9s. Dans le reste du monde, les d\u00e9lais peuvent varier en fonction du pays de destination.<\/li>\n\n\n\n<li>Si jamais Magdalena Larderet, pour quelque raison se trouve retard\u00e9e dans l\u2019envoi de la commande, le client en sera inform\u00e9 par e-mail ou par t\u00e9l\u00e9phone.<\/li>\n\n\n\n<li>Magdalena Larderet ne pourra \u00eatre tenue pour responsable des cons\u00e9quences dues \u00e0 un retard d\u2019acheminement par le transporteur.<\/li>\n\n\n\n<li>Tant que la marchandise n\u2019est pas livr\u00e9e \u00e0 l\u2019acheteur, Magdalena Larderet demeure le propri\u00e9taire de la marchandise, et \u00e0 ce titre, se charge de faire le recours contre le transporteur en cas de dommage (<a href=\"https:\/\/www.legifrance.gouv.fr\/codes\/article_lc\/LEGIARTI000044142491\" target=\"_blank\" rel=\"noreferrer noopener\">article L. 216-2 du code de la consommation<\/a>). Il appartient \u00e0 l\u2019acheteur de v\u00e9rifier le bon \u00e9tat du colis et d\u2019\u00e9mettre vos \u00e9ventuelles r\u00e9serves sur le bon de livraison, et d\u2019en avertir sans d\u00e9lai Magdalena Larderet par le biais du formulaire de contact du site.<\/li>\n<\/ul>\n\n\n\n<h3 class=\"wp-block-heading\">Droit de r\u00e9tractation<\/h3>\n\n\n\n<ul class=\"wp-block-list\">\n<li>Le client peut faire valoir son droit \u00e0 la r\u00e9tractation dans un d\u00e9lai de 14 jours \u00e0 compter du lendemain de la r\u00e9ception de l\u2019\u0153uvre. Si c\u2019est le souhait du client, celui-ci doit imp\u00e9rativement informer Magdalena Larderet par e-mail de son souhait de retourner l\u2019\u0153uvre. Il doit ensuite, renvoyer l\u2019\u0153uvre dans un d\u00e9lai de 14 jours maximum suivant sa demande de r\u00e9tractation. L\u2019\u0153uvre doit \u00eatre renvoy\u00e9e par le client dans un \u00e9tat intact, prot\u00e9g\u00e9e via son emballage d\u2019origine \u00e0 l\u2019adresse qui lui sera communiqu\u00e9e. Magdalena Larderet s\u2019engage alors \u00e0 rembourser le client dans un d\u00e9lai de 30 jours maximum apr\u00e8s r\u00e9ception.<\/li>\n\n\n\n<li>Si l\u2019\u0153uvre est renvoy\u00e9e en mauvais \u00e9tat ou en dehors des d\u00e9lais l\u00e9gaux, aucun remboursement ne sera possible.<\/li>\n\n\n\n<li>Les frais d\u2019exp\u00e9dition sont \u00e0 la charge du client. Les frais postaux du premier envoi, ainsi que les frais pr\u00e9lev\u00e9s par Stripe (correspondant au&nbsp;<em>tarif en vigueur lors de la commande (montant de 1,5% du montant total plus 0,25 centimes (en 2023<\/em>) sur le paiement initial ne seront pas rembours\u00e9s.<\/li>\n<\/ul>\n\n\n\n<h3 class=\"wp-block-heading\">R\u00e8glement des litiges<\/h3>\n\n\n\n<ul class=\"wp-block-list\">\n<li>En cas de litige, le client et Magdalena Larderet s\u2019engagent, avant d\u2019entamer toute action judiciaire \u00e0 rechercher ensemble une solution amiable.<\/li>\n<\/ul>\n","protected":false},"excerpt":{"rendered":"<p>Qui sommes-nous Ce site est la propri\u00e9t\u00e9 de l&rsquo;artiste Magdalena Larderet, permettant de pr\u00e9senter son travail en c\u00e9ramique, et de proposer certaines de ces pi\u00e8ces \u00e0 la vente. Atelier du PeyronNum\u00e9ro de Siret : 98212126100019 &#8211; TVA non applicable, art. 293 B du CGIEntreprise cr\u00e9\u00e9e et install\u00e9e au 1 rue Valentin, 05800 Saint-Firmin. H\u00e9bergeur du &hellip;<\/p>\n<p class=\"read-more\"> <a class=\"\" href=\"https:\/\/www.atelierdupeyron.com\/fr\/privacy-policy\/\"> <span class=\"screen-reader-text\">Mentions l\u00e9gales<\/span> Lire la suite\u00a0\u00bb<\/a><\/p>\n","protected":false},"author":1,"featured_media":0,"parent":0,"menu_order":0,"comment_status":"closed","ping_status":"closed","template":"","meta":{"_uag_custom_page_level_css":"","_monsterinsights_skip_tracking":false,"_monsterinsights_sitenote_active":false,"_monsterinsights_sitenote_note":"","_monsterinsights_sitenote_category":0,"site-sidebar-layout":"default","site-content-layout":"","ast-site-content-layout":"","site-content-style":"default","site-sidebar-style":"default","ast-global-header-display":"","ast-banner-title-visibility":"","ast-main-header-display":"","ast-hfb-above-header-display":"","ast-hfb-below-header-display":"","ast-hfb-mobile-header-display":"","site-post-title":"","ast-breadcrumbs-content":"","ast-featured-img":"","footer-sml-layout":"","theme-transparent-header-meta":"","adv-header-id-meta":"","stick-header-meta":"","header-above-stick-meta":"","header-main-stick-meta":"","header-below-stick-meta":"","astra-migrate-meta-layouts":"","ast-page-background-enabled":"default","ast-page-background-meta":{"desktop":{"background-color":"","background-image":"","background-repeat":"repeat","background-position":"center center","background-size":"auto","background-attachment":"scroll","background-type":"","background-media":"","overlay-type":"","overlay-color":"","overlay-gradient":""},"tablet":{"background-color":"","background-image":"","background-repeat":"repeat","background-position":"center center","background-size":"auto","background-attachment":"scroll","background-type":"","background-media":"","overlay-type":"","overlay-color":"","overlay-gradient":""},"mobile":{"background-color":"","background-image":"","background-repeat":"repeat","background-position":"center center","background-size":"auto","background-attachment":"scroll","background-type":"","background-media":"","overlay-type":"","overlay-color":"","overlay-gradient":""}},"ast-content-background-meta":{"desktop":{"background-color":"var(--ast-global-color-5)","background-image":"","background-repeat":"repeat","background-position":"center center","background-size":"auto","background-attachment":"scroll","background-type":"","background-media":"","overlay-type":"","overlay-color":"","overlay-gradient":""},"tablet":{"background-color":"var(--ast-global-color-5)","background-image":"","background-repeat":"repeat","background-position":"center center","background-size":"auto","background-attachment":"scroll","background-type":"","background-media":"","overlay-type":"","overlay-color":"","overlay-gradient":""},"mobile":{"background-color":"var(--ast-global-color-5)","background-image":"","background-repeat":"repeat","background-position":"center center","background-size":"auto","background-attachment":"scroll","background-type":"","background-media":"","overlay-type":"","overlay-color":"","overlay-gradient":""}},"footnotes":""},"class_list":["post-3","page","type-page","status-publish","hentry"],"yoast_head":"<!-- This site is optimized with the Yoast SEO plugin v27.5 - https:\/\/yoast.com\/product\/yoast-seo-wordpress\/ -->\n<title>Mentions l\u00e9gales - Atelier du Peyron<\/title>\n<meta name=\"robots\" content=\"index, follow, max-snippet:-1, max-image-preview:large, max-video-preview:-1\" \/>\n<link rel=\"canonical\" href=\"https:\/\/www.atelierdupeyron.com\/fr\/privacy-policy\/\" \/>\n<meta property=\"og:locale\" content=\"fr_FR\" \/>\n<meta property=\"og:type\" content=\"article\" \/>\n<meta property=\"og:title\" content=\"Mentions l\u00e9gales - Atelier du Peyron\" \/>\n<meta property=\"og:description\" content=\"Qui sommes-nous Ce site est la propri\u00e9t\u00e9 de l&rsquo;artiste Magdalena Larderet, permettant de pr\u00e9senter son travail en c\u00e9ramique, et de proposer certaines de ces pi\u00e8ces \u00e0 la vente. Atelier du PeyronNum\u00e9ro de Siret : 98212126100019 &#8211; TVA non applicable, art. 293 B du CGIEntreprise cr\u00e9\u00e9e et install\u00e9e au 1 rue Valentin, 05800 Saint-Firmin. H\u00e9bergeur du &hellip; Mentions l\u00e9gales Lire la suite\u00a0\u00bb\" \/>\n<meta property=\"og:url\" content=\"https:\/\/www.atelierdupeyron.com\/fr\/privacy-policy\/\" \/>\n<meta property=\"og:site_name\" content=\"Atelier du Peyron\" \/>\n<meta property=\"article:publisher\" content=\"https:\/\/www.facebook.com\/people\/Atelier-du-Peyron\/61555715706113\/\" \/>\n<meta property=\"article:modified_time\" content=\"2024-02-05T21:06:13+00:00\" \/>\n<meta name=\"twitter:card\" content=\"summary_large_image\" \/>\n<meta name=\"twitter:label1\" content=\"Dur\u00e9e de lecture estim\u00e9e\" \/>\n\t<meta name=\"twitter:data1\" content=\"8 minutes\" \/>\n<script type=\"application\/ld+json\" class=\"yoast-schema-graph\">{\"@context\":\"https:\\\/\\\/schema.org\",\"@graph\":[{\"@type\":\"WebPage\",\"@id\":\"https:\\\/\\\/www.atelierdupeyron.com\\\/privacy-policy\\\/\",\"url\":\"https:\\\/\\\/www.atelierdupeyron.com\\\/privacy-policy\\\/\",\"name\":\"Mentions l\u00e9gales - Atelier du Peyron\",\"isPartOf\":{\"@id\":\"https:\\\/\\\/www.atelierdupeyron.com\\\/#website\"},\"datePublished\":\"2023-11-25T17:35:22+00:00\",\"dateModified\":\"2024-02-05T21:06:13+00:00\",\"breadcrumb\":{\"@id\":\"https:\\\/\\\/www.atelierdupeyron.com\\\/privacy-policy\\\/#breadcrumb\"},\"inLanguage\":\"fr-FR\",\"potentialAction\":[{\"@type\":\"ReadAction\",\"target\":[\"https:\\\/\\\/www.atelierdupeyron.com\\\/privacy-policy\\\/\"]}]},{\"@type\":\"BreadcrumbList\",\"@id\":\"https:\\\/\\\/www.atelierdupeyron.com\\\/privacy-policy\\\/#breadcrumb\",\"itemListElement\":[{\"@type\":\"ListItem\",\"position\":1,\"name\":\"Home\",\"item\":\"https:\\\/\\\/www.atelierdupeyron.com\\\/\"},{\"@type\":\"ListItem\",\"position\":2,\"name\":\"Mentions l\u00e9gales\"}]},{\"@type\":\"WebSite\",\"@id\":\"https:\\\/\\\/www.atelierdupeyron.com\\\/#website\",\"url\":\"https:\\\/\\\/www.atelierdupeyron.com\\\/\",\"name\":\"Atelier du Peyron\",\"description\":\"C\u00e9ramiques en Valgaudemar\",\"publisher\":{\"@id\":\"https:\\\/\\\/www.atelierdupeyron.com\\\/#organization\"},\"potentialAction\":[{\"@type\":\"SearchAction\",\"target\":{\"@type\":\"EntryPoint\",\"urlTemplate\":\"https:\\\/\\\/www.atelierdupeyron.com\\\/?s={search_term_string}\"},\"query-input\":{\"@type\":\"PropertyValueSpecification\",\"valueRequired\":true,\"valueName\":\"search_term_string\"}}],\"inLanguage\":\"fr-FR\"},{\"@type\":\"Organization\",\"@id\":\"https:\\\/\\\/www.atelierdupeyron.com\\\/#organization\",\"name\":\"Atelier du Peyron\",\"url\":\"https:\\\/\\\/www.atelierdupeyron.com\\\/\",\"logo\":{\"@type\":\"ImageObject\",\"inLanguage\":\"fr-FR\",\"@id\":\"https:\\\/\\\/www.atelierdupeyron.com\\\/#\\\/schema\\\/logo\\\/image\\\/\",\"url\":\"https:\\\/\\\/www.atelierdupeyron.com\\\/wp-content\\\/uploads\\\/2023\\\/12\\\/cropped-logo-V3-notext-1.png\",\"contentUrl\":\"https:\\\/\\\/www.atelierdupeyron.com\\\/wp-content\\\/uploads\\\/2023\\\/12\\\/cropped-logo-V3-notext-1.png\",\"width\":375,\"height\":375,\"caption\":\"Atelier du Peyron\"},\"image\":{\"@id\":\"https:\\\/\\\/www.atelierdupeyron.com\\\/#\\\/schema\\\/logo\\\/image\\\/\"},\"sameAs\":[\"https:\\\/\\\/www.facebook.com\\\/people\\\/Atelier-du-Peyron\\\/61555715706113\\\/\",\"https:\\\/\\\/www.instagram.com\\\/atelier_du_peyron\\\/\"]}]}<\/script>\n<!-- \/ Yoast SEO plugin. -->","yoast_head_json":{"title":"Mentions l\u00e9gales - Atelier du Peyron","robots":{"index":"index","follow":"follow","max-snippet":"max-snippet:-1","max-image-preview":"max-image-preview:large","max-video-preview":"max-video-preview:-1"},"canonical":"https:\/\/www.atelierdupeyron.com\/fr\/privacy-policy\/","og_locale":"fr_FR","og_type":"article","og_title":"Mentions l\u00e9gales - Atelier du Peyron","og_description":"Qui sommes-nous Ce site est la propri\u00e9t\u00e9 de l&rsquo;artiste Magdalena Larderet, permettant de pr\u00e9senter son travail en c\u00e9ramique, et de proposer certaines de ces pi\u00e8ces \u00e0 la vente. Atelier du PeyronNum\u00e9ro de Siret : 98212126100019 &#8211; TVA non applicable, art. 293 B du CGIEntreprise cr\u00e9\u00e9e et install\u00e9e au 1 rue Valentin, 05800 Saint-Firmin. H\u00e9bergeur du &hellip; Mentions l\u00e9gales Lire la suite\u00a0\u00bb","og_url":"https:\/\/www.atelierdupeyron.com\/fr\/privacy-policy\/","og_site_name":"Atelier du Peyron","article_publisher":"https:\/\/www.facebook.com\/people\/Atelier-du-Peyron\/61555715706113\/","article_modified_time":"2024-02-05T21:06:13+00:00","twitter_card":"summary_large_image","twitter_misc":{"Dur\u00e9e de lecture estim\u00e9e":"8 minutes"},"schema":{"@context":"https:\/\/schema.org","@graph":[{"@type":"WebPage","@id":"https:\/\/www.atelierdupeyron.com\/privacy-policy\/","url":"https:\/\/www.atelierdupeyron.com\/privacy-policy\/","name":"Mentions l\u00e9gales - Atelier du Peyron","isPartOf":{"@id":"https:\/\/www.atelierdupeyron.com\/#website"},"datePublished":"2023-11-25T17:35:22+00:00","dateModified":"2024-02-05T21:06:13+00:00","breadcrumb":{"@id":"https:\/\/www.atelierdupeyron.com\/privacy-policy\/#breadcrumb"},"inLanguage":"fr-FR","potentialAction":[{"@type":"ReadAction","target":["https:\/\/www.atelierdupeyron.com\/privacy-policy\/"]}]},{"@type":"BreadcrumbList","@id":"https:\/\/www.atelierdupeyron.com\/privacy-policy\/#breadcrumb","itemListElement":[{"@type":"ListItem","position":1,"name":"Home","item":"https:\/\/www.atelierdupeyron.com\/"},{"@type":"ListItem","position":2,"name":"Mentions l\u00e9gales"}]},{"@type":"WebSite","@id":"https:\/\/www.atelierdupeyron.com\/#website","url":"https:\/\/www.atelierdupeyron.com\/","name":"Atelier du Peyron","description":"C\u00e9ramiques en Valgaudemar","publisher":{"@id":"https:\/\/www.atelierdupeyron.com\/#organization"},"potentialAction":[{"@type":"SearchAction","target":{"@type":"EntryPoint","urlTemplate":"https:\/\/www.atelierdupeyron.com\/?s={search_term_string}"},"query-input":{"@type":"PropertyValueSpecification","valueRequired":true,"valueName":"search_term_string"}}],"inLanguage":"fr-FR"},{"@type":"Organization","@id":"https:\/\/www.atelierdupeyron.com\/#organization","name":"Atelier du Peyron","url":"https:\/\/www.atelierdupeyron.com\/","logo":{"@type":"ImageObject","inLanguage":"fr-FR","@id":"https:\/\/www.atelierdupeyron.com\/#\/schema\/logo\/image\/","url":"https:\/\/www.atelierdupeyron.com\/wp-content\/uploads\/2023\/12\/cropped-logo-V3-notext-1.png","contentUrl":"https:\/\/www.atelierdupeyron.com\/wp-content\/uploads\/2023\/12\/cropped-logo-V3-notext-1.png","width":375,"height":375,"caption":"Atelier du Peyron"},"image":{"@id":"https:\/\/www.atelierdupeyron.com\/#\/schema\/logo\/image\/"},"sameAs":["https:\/\/www.facebook.com\/people\/Atelier-du-Peyron\/61555715706113\/","https:\/\/www.instagram.com\/atelier_du_peyron\/"]}]}},"uagb_featured_image_src":{"full":false,"thumbnail":false,"medium":false,"medium_large":false,"large":false,"1536x1536":false,"2048x2048":false,"trp-custom-language-flag":false,"woocommerce_thumbnail":false,"woocommerce_single":false,"woocommerce_gallery_thumbnail":false},"uagb_author_info":{"display_name":"atelierdupeyron","author_link":"https:\/\/www.atelierdupeyron.com\/fr\/author\/atelierdupeyron\/"},"uagb_comment_info":0,"uagb_excerpt":"Qui sommes-nous Ce site est la propri\u00e9t\u00e9 de l&rsquo;artiste Magdalena Larderet, permettant de pr\u00e9senter son travail en c\u00e9ramique, et de proposer certaines de ces pi\u00e8ces \u00e0 la vente. Atelier du PeyronNum\u00e9ro de Siret : 98212126100019 &#8211; TVA non applicable, art. 293 B du CGIEntreprise cr\u00e9\u00e9e et install\u00e9e au 1 rue Valentin, 05800 Saint-Firmin. H\u00e9bergeur du\u2026","_links":{"self":[{"href":"https:\/\/www.atelierdupeyron.com\/fr\/wp-json\/wp\/v2\/pages\/3","targetHints":{"allow":["GET"]}}],"collection":[{"href":"https:\/\/www.atelierdupeyron.com\/fr\/wp-json\/wp\/v2\/pages"}],"about":[{"href":"https:\/\/www.atelierdupeyron.com\/fr\/wp-json\/wp\/v2\/types\/page"}],"author":[{"embeddable":true,"href":"https:\/\/www.atelierdupeyron.com\/fr\/wp-json\/wp\/v2\/users\/1"}],"replies":[{"embeddable":true,"href":"https:\/\/www.atelierdupeyron.com\/fr\/wp-json\/wp\/v2\/comments?post=3"}],"version-history":[{"count":4,"href":"https:\/\/www.atelierdupeyron.com\/fr\/wp-json\/wp\/v2\/pages\/3\/revisions"}],"predecessor-version":[{"id":1461,"href":"https:\/\/www.atelierdupeyron.com\/fr\/wp-json\/wp\/v2\/pages\/3\/revisions\/1461"}],"wp:attachment":[{"href":"https:\/\/www.atelierdupeyron.com\/fr\/wp-json\/wp\/v2\/media?parent=3"}],"curies":[{"name":"wp","href":"https:\/\/api.w.org\/{rel}","templated":true}]}}